{"id":40924,"date":"2020-01-31T14:02:27","date_gmt":"2020-01-31T14:02:27","guid":{"rendered":"https:\/\/www.fogapi.net\/?page_id=40924"},"modified":"2026-01-14T13:16:55","modified_gmt":"2026-01-14T18:16:55","slug":"miembros-del-consejo","status":"publish","type":"page","link":"https:\/\/www.fogapi.net\/miembros-del-consejo\/","title":{"rendered":"Miembros del consejo"},"content":{"rendered":"<p>[et_pb_section fb_built=\u00bb1&#8243; admin_label=\u00bbmiembros\u00bb module_id=\u00bbmiembros\u00bb _builder_version=\u00bb4.16&#8243; z_index_tablet=\u00bb500&#8243; box_shadow_horizontal_tablet=\u00bb0px\u00bb box_shadow_vertical_tablet=\u00bb0px\u00bb box_shadow_blur_tablet=\u00bb40px\u00bb box_shadow_spread_tablet=\u00bb0px\u00bb global_colors_info=\u00bb{}\u00bb][et_pb_row _builder_version=\u00bb4.19.4&#8243; background_enable_image=\u00bboff\u00bb global_colors_info=\u00bb{}\u00bb][et_pb_column type=\u00bb4_4&#8243; _builder_version=\u00bb4.16&#8243; global_colors_info=\u00bb{}\u00bb][et_pb_text _builder_version=\u00bb4.16&#8243; width=\u00bb80%\u00bb module_alignment=\u00bbcenter\u00bb global_colors_info=\u00bb{}\u00bb]<\/p>\n<h1 class=\"title_page center\" style=\"text-align: center;\"><strong>Miembros del Consejo de Administraci\u00f3n<\/strong><\/h1>\n<p>[\/et_pb_text][\/et_pb_column][\/et_pb_row][et_pb_row column_structure=\u00bb1_3,1_3,1_3&#8243; _builder_version=\u00bb4.19.4&#8243; background_enable_image=\u00bboff\u00bb global_colors_info=\u00bb{}\u00bb][et_pb_column type=\u00bb1_3&#8243; _builder_version=\u00bb4.16&#8243; global_colors_info=\u00bb{}\u00bb][et_pb_team_member name=\u00bbFrancisco Martinotti Sormani\u00bb position=\u00bbPresidente\u00bb _builder_version=\u00bb4.16&#8243; header_text_align=\u00bbcenter\u00bb body_text_align=\u00bbcenter\u00bb position_font=\u00bb|700|||||||\u00bb position_text_align=\u00bbcenter\u00bb text_orientation=\u00bbcenter\u00bb global_colors_info=\u00bb{}\u00bb]<\/p>\n<p style=\"text-align: center;\">Representante del Comit\u00e9 de la Peque\u00f1a Industria de la Sociedad Nacional de Industrias SNI- COPEI.<\/p>\n<p>[\/et_pb_team_member][\/et_pb_column][et_pb_column type=\u00bb1_3&#8243; _builder_version=\u00bb4.16&#8243; global_colors_info=\u00bb{}\u00bb][et_pb_team_member name=\u00bbAurelio Rebaza Franco\u00bb position=\u00bbVicepresidente\u00bb _builder_version=\u00bb4.16&#8243; header_text_align=\u00bbcenter\u00bb body_font=\u00bb||||||||\u00bb body_text_align=\u00bbcenter\u00bb position_font=\u00bb|700|||||||\u00bb position_text_align=\u00bbcenter\u00bb text_orientation=\u00bbcenter\u00bb global_colors_info=\u00bb{}\u00bb]<\/p>\n<p style=\"text-align: center;\">Representante del Servicio Nacional de Adiestramiento en Trabajo Industrial &#8211; SENATI.<\/p>\n<p>[\/et_pb_team_member][\/et_pb_column][et_pb_column type=\u00bb1_3&#8243; _builder_version=\u00bb4.16&#8243; global_colors_info=\u00bb{}\u00bb][et_pb_team_member name=\u00bbJuan Luis Bracesco Chumpitazi\u00bb position=\u00bbConsejero\u00bb _builder_version=\u00bb4.16&#8243; header_text_align=\u00bbcenter\u00bb body_font=\u00bb||||||||\u00bb body_text_align=\u00bbcenter\u00bb position_font=\u00bb|700|||||||\u00bb position_text_align=\u00bbcenter\u00bb text_orientation=\u00bbcenter\u00bb global_colors_info=\u00bb{}\u00bb]<\/p>\n<p style=\"text-align: center;\">Representante de la Asociaci\u00f3n de Peque\u00f1os y Medianos Industriales del Per\u00fa &#8211; APEMIPE.<\/p>\n<p>[\/et_pb_team_member][\/et_pb_column][\/et_pb_row][et_pb_row column_structure=\u00bb1_3,1_3,1_3&#8243; _builder_version=\u00bb4.23.1&#8243; background_enable_image=\u00bboff\u00bb custom_padding=\u00bb30px|||||\u00bb global_colors_info=\u00bb{}\u00bb][et_pb_column type=\u00bb1_3&#8243; _builder_version=\u00bb4.16&#8243; global_colors_info=\u00bb{}\u00bb][et_pb_team_member name=\u00bbDiana Torres Millones\u00bb position=\u00bbConsejera\u00bb _builder_version=\u00bb4.21.0&#8243; header_text_align=\u00bbcenter\u00bb body_text_align=\u00bbcenter\u00bb position_font=\u00bb|700|||||||\u00bb position_text_align=\u00bbcenter\u00bb text_orientation=\u00bbcenter\u00bb z_index_tablet=\u00bb500&#8243; header_text_shadow_horizontal_length_tablet=\u00bb0px\u00bb header_text_shadow_vertical_length_tablet=\u00bb0px\u00bb header_text_shadow_blur_strength_tablet=\u00bb1px\u00bb body_text_shadow_horizontal_length_tablet=\u00bb0px\u00bb body_text_shadow_vertical_length_tablet=\u00bb0px\u00bb body_text_shadow_blur_strength_tablet=\u00bb1px\u00bb position_text_shadow_horizontal_length_tablet=\u00bb0px\u00bb position_text_shadow_vertical_length_tablet=\u00bb0px\u00bb position_text_shadow_blur_strength_tablet=\u00bb1px\u00bb body_link_text_shadow_horizontal_length_tablet=\u00bb0px\u00bb body_link_text_shadow_vertical_length_tablet=\u00bb0px\u00bb body_link_text_shadow_blur_strength_tablet=\u00bb1px\u00bb body_ul_text_shadow_horizontal_length_tablet=\u00bb0px\u00bb body_ul_text_shadow_vertical_length_tablet=\u00bb0px\u00bb body_ul_text_shadow_blur_strength_tablet=\u00bb1px\u00bb body_ol_text_shadow_horizontal_length_tablet=\u00bb0px\u00bb body_ol_text_shadow_vertical_length_tablet=\u00bb0px\u00bb body_ol_text_shadow_blur_strength_tablet=\u00bb1px\u00bb body_quote_text_shadow_horizontal_length_tablet=\u00bb0px\u00bb body_quote_text_shadow_vertical_length_tablet=\u00bb0px\u00bb body_quote_text_shadow_blur_strength_tablet=\u00bb1px\u00bb box_shadow_horizontal_tablet=\u00bb0px\u00bb box_shadow_vertical_tablet=\u00bb0px\u00bb box_shadow_blur_tablet=\u00bb40px\u00bb box_shadow_spread_tablet=\u00bb0px\u00bb box_shadow_horizontal_image_tablet=\u00bb0px\u00bb box_shadow_vertical_image_tablet=\u00bb0px\u00bb box_shadow_blur_image_tablet=\u00bb40px\u00bb box_shadow_spread_image_tablet=\u00bb0px\u00bb text_shadow_horizontal_length_tablet=\u00bb0px\u00bb text_shadow_vertical_length_tablet=\u00bb0px\u00bb text_shadow_blur_strength_tablet=\u00bb1px\u00bb global_colors_info=\u00bb{}\u00bb]<\/p>\n<p style=\"text-align: center;\">Representante del Ministerio de Trabajo y Promoci\u00f3n del Empleo.<\/p>\n<p>[\/et_pb_team_member][\/et_pb_column][et_pb_column type=\u00bb1_3&#8243; _builder_version=\u00bb4.16&#8243; global_colors_info=\u00bb{}\u00bb][et_pb_team_member name=\u00bbCarlos Linares Pe\u00f1aloza\u00bb position=\u00bbConsejero\u00bb _builder_version=\u00bb4.27.4&#8243; header_text_align=\u00bbcenter\u00bb body_font=\u00bb||||||||\u00bb body_text_align=\u00bbcenter\u00bb position_font=\u00bb|700|||||||\u00bb position_text_align=\u00bbcenter\u00bb text_orientation=\u00bbcenter\u00bb global_colors_info=\u00bb{}\u00bb]<\/p>\n<p style=\"text-align: center;\">Representante de la Corporaci\u00f3n Financiera de Desarrollo &#8211; COFIDE.<\/p>\n<p>[\/et_pb_team_member][\/et_pb_column][et_pb_column type=\u00bb1_3&#8243; _builder_version=\u00bb4.16&#8243; global_colors_info=\u00bb{}\u00bb][et_pb_team_member name=\u00bbAlex Nolte Alva\u00bb position=\u00bbConsejero Independiente\u00bb _builder_version=\u00bb4.27.2&#8243; header_text_align=\u00bbcenter\u00bb body_font=\u00bb||||||||\u00bb body_text_align=\u00bbcenter\u00bb position_font=\u00bb|700|||||||\u00bb position_text_align=\u00bbcenter\u00bb text_orientation=\u00bbcenter\u00bb custom_padding=\u00bb||0px|||\u00bb global_colors_info=\u00bb{}\u00bb][\/et_pb_team_member][\/et_pb_column][\/et_pb_row][et_pb_row _builder_version=\u00bb4.19.4&#8243; background_enable_image=\u00bboff\u00bb custom_margin=\u00bb2%||||false|false\u00bb global_colors_info=\u00bb{}\u00bb][et_pb_column type=\u00bb4_4&#8243; _builder_version=\u00bb4.16&#8243; global_colors_info=\u00bb{}\u00bb][et_pb_text _builder_version=\u00bb4.16&#8243; width=\u00bb80%\u00bb module_alignment=\u00bbcenter\u00bb z_index_tablet=\u00bb500&#8243; text_text_shadow_horizontal_length_tablet=\u00bb0px\u00bb text_text_shadow_vertical_length_tablet=\u00bb0px\u00bb text_text_shadow_blur_strength_tablet=\u00bb1px\u00bb link_text_shadow_horizontal_length_tablet=\u00bb0px\u00bb link_text_shadow_vertical_length_tablet=\u00bb0px\u00bb link_text_shadow_blur_strength_tablet=\u00bb1px\u00bb ul_text_shadow_horizontal_length_tablet=\u00bb0px\u00bb ul_text_shadow_vertical_length_tablet=\u00bb0px\u00bb ul_text_shadow_blur_strength_tablet=\u00bb1px\u00bb ol_text_shadow_horizontal_length_tablet=\u00bb0px\u00bb ol_text_shadow_vertical_length_tablet=\u00bb0px\u00bb ol_text_shadow_blur_strength_tablet=\u00bb1px\u00bb quote_text_shadow_horizontal_length_tablet=\u00bb0px\u00bb quote_text_shadow_vertical_length_tablet=\u00bb0px\u00bb quote_text_shadow_blur_strength_tablet=\u00bb1px\u00bb header_text_shadow_horizontal_length_tablet=\u00bb0px\u00bb header_text_shadow_vertical_length_tablet=\u00bb0px\u00bb header_text_shadow_blur_strength_tablet=\u00bb1px\u00bb header_2_text_shadow_horizontal_length_tablet=\u00bb0px\u00bb header_2_text_shadow_vertical_length_tablet=\u00bb0px\u00bb header_2_text_shadow_blur_strength_tablet=\u00bb1px\u00bb header_3_text_shadow_horizontal_length_tablet=\u00bb0px\u00bb header_3_text_shadow_vertical_length_tablet=\u00bb0px\u00bb header_3_text_shadow_blur_strength_tablet=\u00bb1px\u00bb header_4_text_shadow_horizontal_length_tablet=\u00bb0px\u00bb header_4_text_shadow_vertical_length_tablet=\u00bb0px\u00bb header_4_text_shadow_blur_strength_tablet=\u00bb1px\u00bb header_5_text_shadow_horizontal_length_tablet=\u00bb0px\u00bb header_5_text_shadow_vertical_length_tablet=\u00bb0px\u00bb header_5_text_shadow_blur_strength_tablet=\u00bb1px\u00bb header_6_text_shadow_horizontal_length_tablet=\u00bb0px\u00bb header_6_text_shadow_vertical_length_tablet=\u00bb0px\u00bb header_6_text_shadow_blur_strength_tablet=\u00bb1px\u00bb box_shadow_horizontal_tablet=\u00bb0px\u00bb box_shadow_vertical_tablet=\u00bb0px\u00bb box_shadow_blur_tablet=\u00bb40px\u00bb box_shadow_spread_tablet=\u00bb0px\u00bb global_colors_info=\u00bb{}\u00bb]<\/p>\n<h1 class=\"title_page center\" style=\"text-align: center;\"><strong>Equipo<\/strong><\/h1>\n<p>[\/et_pb_text][\/et_pb_column][\/et_pb_row][et_pb_row column_structure=\u00bb1_3,1_3,1_3&#8243; _builder_version=\u00bb4.19.4&#8243; background_enable_image=\u00bboff\u00bb global_colors_info=\u00bb{}\u00bb][et_pb_column type=\u00bb1_3&#8243; _builder_version=\u00bb4.16&#8243; custom_padding=\u00bb|||\u00bb global_colors_info=\u00bb{}\u00bb custom_padding__hover=\u00bb|||\u00bb][et_pb_team_member name=\u00bbOscar Portocarrero Quevedo\u00bb position=\u00bbGerente General\u00bb _builder_version=\u00bb4.16&#8243; header_text_align=\u00bbcenter\u00bb body_font=\u00bb||||||||\u00bb position_font=\u00bb|700|||||||\u00bb position_text_align=\u00bbcenter\u00bb text_orientation=\u00bbcenter\u00bb global_colors_info=\u00bb{}\u00bb][\/et_pb_team_member][\/et_pb_column][et_pb_column type=\u00bb1_3&#8243; _builder_version=\u00bb4.16&#8243; custom_padding=\u00bb|||\u00bb global_colors_info=\u00bb{}\u00bb custom_padding__hover=\u00bb|||\u00bb][et_pb_team_member name=\u00bbRocio Re\u00e1tegui Valdez\u00bb position=\u00bbGerente de Asesor\u00eda Jur\u00eddica\u00bb _builder_version=\u00bb4.16&#8243; body_font=\u00bb||||||||\u00bb position_font=\u00bb|700|||||||\u00bb position_text_align=\u00bbcenter\u00bb text_orientation=\u00bbcenter\u00bb global_colors_info=\u00bb{}\u00bb][\/et_pb_team_member][et_pb_team_member name=\u00bbEvelyn Quispe Diaz \u00bb position=\u00bbJefa del Departamento de Riesgos\u00bb _builder_version=\u00bb4.16&#8243; position_font=\u00bb|700|||||||\u00bb position_text_align=\u00bbcenter\u00bb text_orientation=\u00bbcenter\u00bb z_index_tablet=\u00bb500&#8243; header_text_shadow_horizontal_length_tablet=\u00bb0px\u00bb header_text_shadow_vertical_length_tablet=\u00bb0px\u00bb header_text_shadow_blur_strength_tablet=\u00bb1px\u00bb body_text_shadow_horizontal_length_tablet=\u00bb0px\u00bb body_text_shadow_vertical_length_tablet=\u00bb0px\u00bb body_text_shadow_blur_strength_tablet=\u00bb1px\u00bb position_text_shadow_horizontal_length_tablet=\u00bb0px\u00bb position_text_shadow_vertical_length_tablet=\u00bb0px\u00bb position_text_shadow_blur_strength_tablet=\u00bb1px\u00bb body_link_text_shadow_horizontal_length_tablet=\u00bb0px\u00bb body_link_text_shadow_vertical_length_tablet=\u00bb0px\u00bb body_link_text_shadow_blur_strength_tablet=\u00bb1px\u00bb body_ul_text_shadow_horizontal_length_tablet=\u00bb0px\u00bb body_ul_text_shadow_vertical_length_tablet=\u00bb0px\u00bb body_ul_text_shadow_blur_strength_tablet=\u00bb1px\u00bb body_ol_text_shadow_horizontal_length_tablet=\u00bb0px\u00bb body_ol_text_shadow_vertical_length_tablet=\u00bb0px\u00bb body_ol_text_shadow_blur_strength_tablet=\u00bb1px\u00bb body_quote_text_shadow_horizontal_length_tablet=\u00bb0px\u00bb body_quote_text_shadow_vertical_length_tablet=\u00bb0px\u00bb body_quote_text_shadow_blur_strength_tablet=\u00bb1px\u00bb box_shadow_horizontal_tablet=\u00bb0px\u00bb box_shadow_vertical_tablet=\u00bb0px\u00bb box_shadow_blur_tablet=\u00bb40px\u00bb box_shadow_spread_tablet=\u00bb0px\u00bb box_shadow_horizontal_image_tablet=\u00bb0px\u00bb box_shadow_vertical_image_tablet=\u00bb0px\u00bb box_shadow_blur_image_tablet=\u00bb40px\u00bb box_shadow_spread_image_tablet=\u00bb0px\u00bb text_shadow_horizontal_length_tablet=\u00bb0px\u00bb text_shadow_vertical_length_tablet=\u00bb0px\u00bb text_shadow_blur_strength_tablet=\u00bb1px\u00bb global_colors_info=\u00bb{}\u00bb][\/et_pb_team_member][\/et_pb_column][et_pb_column type=\u00bb1_3&#8243; _builder_version=\u00bb4.16&#8243; custom_padding=\u00bb|||\u00bb global_colors_info=\u00bb{}\u00bb custom_padding__hover=\u00bb|||\u00bb][et_pb_team_member name=\u00bbSergio Ramos Arata\u00bb position=\u00bbGerente de Negocios\u00bb _builder_version=\u00bb4.16&#8243; position_font=\u00bb|700|||||||\u00bb position_text_align=\u00bbcenter\u00bb text_orientation=\u00bbcenter\u00bb z_index_tablet=\u00bb500&#8243; header_text_shadow_horizontal_length_tablet=\u00bb0px\u00bb header_text_shadow_vertical_length_tablet=\u00bb0px\u00bb header_text_shadow_blur_strength_tablet=\u00bb1px\u00bb body_text_shadow_horizontal_length_tablet=\u00bb0px\u00bb body_text_shadow_vertical_length_tablet=\u00bb0px\u00bb body_text_shadow_blur_strength_tablet=\u00bb1px\u00bb position_text_shadow_horizontal_length_tablet=\u00bb0px\u00bb position_text_shadow_vertical_length_tablet=\u00bb0px\u00bb position_text_shadow_blur_strength_tablet=\u00bb1px\u00bb body_link_text_shadow_horizontal_length_tablet=\u00bb0px\u00bb body_link_text_shadow_vertical_length_tablet=\u00bb0px\u00bb body_link_text_shadow_blur_strength_tablet=\u00bb1px\u00bb body_ul_text_shadow_horizontal_length_tablet=\u00bb0px\u00bb body_ul_text_shadow_vertical_length_tablet=\u00bb0px\u00bb body_ul_text_shadow_blur_strength_tablet=\u00bb1px\u00bb body_ol_text_shadow_horizontal_length_tablet=\u00bb0px\u00bb body_ol_text_shadow_vertical_length_tablet=\u00bb0px\u00bb body_ol_text_shadow_blur_strength_tablet=\u00bb1px\u00bb body_quote_text_shadow_horizontal_length_tablet=\u00bb0px\u00bb body_quote_text_shadow_vertical_length_tablet=\u00bb0px\u00bb body_quote_text_shadow_blur_strength_tablet=\u00bb1px\u00bb box_shadow_horizontal_tablet=\u00bb0px\u00bb box_shadow_vertical_tablet=\u00bb0px\u00bb box_shadow_blur_tablet=\u00bb40px\u00bb box_shadow_spread_tablet=\u00bb0px\u00bb box_shadow_horizontal_image_tablet=\u00bb0px\u00bb box_shadow_vertical_image_tablet=\u00bb0px\u00bb box_shadow_blur_image_tablet=\u00bb40px\u00bb box_shadow_spread_image_tablet=\u00bb0px\u00bb text_shadow_horizontal_length_tablet=\u00bb0px\u00bb text_shadow_vertical_length_tablet=\u00bb0px\u00bb text_shadow_blur_strength_tablet=\u00bb1px\u00bb global_colors_info=\u00bb{}\u00bb][\/et_pb_team_member][et_pb_team_member name=\u00bbManuel Ant\u00f3n Acevedo \u00bb position=\u00bbAuditor General\u00bb _builder_version=\u00bb4.16&#8243; body_font=\u00bb||||||||\u00bb position_font=\u00bb|700|||||||\u00bb position_text_align=\u00bbcenter\u00bb text_orientation=\u00bbcenter\u00bb global_colors_info=\u00bb{}\u00bb][\/et_pb_team_member][\/et_pb_column][\/et_pb_row][\/et_pb_section]<\/p>\n","protected":false},"excerpt":{"rendered":"<p>Miembros del Consejo de Administraci\u00f3n Francisco&#8230;<\/p>\n","protected":false},"author":3,"featured_media":0,"parent":0,"menu_order":12,"comment_status":"closed","ping_status":"closed","template":"","meta":{"_et_pb_use_builder":"on","_et_pb_old_content":"","_et_gb_content_width":"","footnotes":""},"class_list":["post-40924","page","type-page","status-publish","hentry"],"_links":{"self":[{"href":"https:\/\/www.fogapi.net\/wp-json\/wp\/v2\/pages\/40924","targetHints":{"allow":["GET"]}}],"collection":[{"href":"https:\/\/www.fogapi.net\/wp-json\/wp\/v2\/pages"}],"about":[{"href":"https:\/\/www.fogapi.net\/wp-json\/wp\/v2\/types\/page"}],"author":[{"embeddable":true,"href":"https:\/\/www.fogapi.net\/wp-json\/wp\/v2\/users\/3"}],"replies":[{"embeddable":true,"href":"https:\/\/www.fogapi.net\/wp-json\/wp\/v2\/comments?post=40924"}],"version-history":[{"count":12,"href":"https:\/\/www.fogapi.net\/wp-json\/wp\/v2\/pages\/40924\/revisions"}],"predecessor-version":[{"id":43704,"href":"https:\/\/www.fogapi.net\/wp-json\/wp\/v2\/pages\/40924\/revisions\/43704"}],"wp:attachment":[{"href":"https:\/\/www.fogapi.net\/wp-json\/wp\/v2\/media?parent=40924"}],"curies":[{"name":"wp","href":"https:\/\/api.w.org\/{rel}","templated":true}]}}